{"id":136,"date":"2017-02-22T22:18:06","date_gmt":"2017-02-22T22:18:06","guid":{"rendered":"http:\/\/www.heikkiporoila.fi\/hp\/?page_id=136"},"modified":"2025-03-20T09:30:44","modified_gmt":"2025-03-20T09:30:44","slug":"ii-kirjoitukset-lehdissa","status":"publish","type":"page","link":"https:\/\/www.heikkiporoila.fi\/hp\/teksteja\/bibliografia\/ii-kirjoitukset-lehdissa\/","title":{"rendered":"II Kirjoituksia painetuissa lehdiss\u00e4 ja verkkojulkaisuissa"},"content":{"rendered":"\n<p>Bibliografiaan otetut tekstit ovat kirjoittamiani, ellei toisin ole mainittu (haastattelut). <strong>Intervalli<\/strong>-lehdess\u00e4 vuosina 1988-2011 julkaistut yli 500 teksti\u00e4ni on koottu <a href=\"http:\/\/www.heikkiporoila.fi\/hp\/teksteja\/bibliografia\/ii-kirjoitukset-lehdissa\/kirjoitukset-intervalli-lehdessa\/\"><strong>omalle sivulle<\/strong><\/a>. Valikoima ei ole likimainkaan kattava, esimerkiksi Viikki-Seuran julkaisussa <em>Viikiss\u00e4 tapahtuu<\/em> on vuosilta 2006-2018 kymmeni\u00e4 juttuja, varsinkin haastatteluita, samoin <em>Kirjastolehdess\u00e4<\/em> vuosilta 1979-2013 noin 140 juttua tai mainintaa ja muutamia lehdess\u00e4 <em>Fontes artis musicae<\/em>. Yrit\u00e4n t\u00e4ydent\u00e4\u00e4 t\u00e4t\u00e4, vaikka tied\u00e4n, ett\u00e4 osa vanhemmista on kadonnut luultavasti lopullisesti ainakin omasta horisontistani.<\/p>\n\n\n\n<p><\/p>\n\n\n\n<ul class=\"wp-block-list\">\n<li><a href=\"https:\/\/www.heikkiporoila.fi\/hp\/wp-content\/uploads\/2025\/03\/Finnasta-allikkoon.pdf\">Finnan allikkoon?<\/a> &#8211; Julkaisussa: Tiedon l\u00e4hde &#8211; Vantaan kaupunginkirjaston henkil\u00f6kunnan uutislehti 2\/2023<\/li>\n\n\n\n<li><em><a href=\"https:\/\/musiikkikuuluukaikille.musiikkikirjastot.fi\/2015\/08\/29\/haastattelussa-heikki-poroila-kirja-frank-zappan-savellyksista-oli-pitka-projekti\/\">Haastattelussa Heikki Poroila<\/a> \u2013 kirja Frank Zappan s\u00e4vellyksist\u00e4 oli pitk\u00e4 projekti<\/em><strong> \u201d <\/strong>Uutuuskirja kertoo yli 800:sta Frank Zappan s\u00e4vellyksest\u00e4<strong>\u201d<\/strong>. \u2013 Verkkojulkaisussa <em>Musiikki kuuluu kaikille<\/em> 29.8.2015 | Haastattelijana Tuomas Pelttari.<\/li>\n\n\n\n<li><em><a href=\"https:\/\/musiikkikuuluukaikille.musiikkikirjastot.fi\/2018\/03\/27\/helvi-leiviskan-piirissa-heikki-poroilan-kirja-arvio-ja-teoslistaus\/\">Helvi Leivisk\u00e4n piiriss\u00e4<\/a><\/em> \u2013&nbsp;Heikki Poroilan kirja-arvio ja teoslistaus. \u2013 Verkkojulkaisussa <em>Musiikki kuuluu kaikille<\/em> 27.3.2018<\/li>\n\n\n\n<li><em><a href=\"https:\/\/www.stenrothsukuseura.fi\/2022\/kivenjuuret-lehden-numero-49\/\">Ilari Stenroth &amp; Hannu Sariola, seuran uudet vet\u00e4j\u00e4t<\/a><\/em>. \u2013 Julkaisussa: Kivenjuuret 49<\/li>\n\n\n\n<li><em><a href=\"https:\/\/www.stenrothsukuseura.fi\/2020\/kivenjuuret-lehden-numero-45\/\">Jouluherkkua manteleista (Tarta de Santiago)<\/a><\/em> . \u2013 Julkaisussa: Kivenjuuret 45<\/li>\n\n\n\n<li><em><a href=\"https:\/\/www.stenrothsukuseura.fi\/2022\/kivenjuuret-lehden-numero-48\/\">Kansalliskirjaston digipalvelu \u2013 sukututkijan aarreaitta<\/a><\/em>. \u2013 Julkaisussa: Kivenjuuret 48<\/li>\n\n\n\n<li><em><a href=\"https:\/\/www.stenrothsukuseura.fi\/2020\/kivenjuuret-lehden-numero-45\/\">Karjalan kes\u00e4paratiisissa<\/a><\/em>. \u2013 Julkaisussa: Kivenjuuret 45<\/li>\n\n\n\n<li><a href=\"http:\/\/www.heikkiporoila.fi\/hp\/wp-content\/uploads\/2017\/03\/Kiinnostaako-tieteellisyys-naisia-Skeptikko-2015_3.jpg\">Kiinnostaako tieteellisyys naisia?<\/a> &#8211; Julkaisussa: Skeptikko nro 3 2015 (Kommentti Tiina Raevaaran kolumniin)<\/li>\n\n\n\n<li><em><a href=\"https:\/\/www.stenrothsukuseura.fi\/2022\/kivenjuuret-lehden-numero-48\/\">Kirjaesittelyit\u00e4 (Nils Cleve, Olavi Salonen, Timo Siukonen)<\/a><\/em>. \u2013 Julkaisussa: Kivenjuuret 48<\/li>\n\n\n\n<li><a href=\"http:\/\/www.heikkiporoila.fi\/hp\/wp-content\/uploads\/2017\/03\/Kirjastoaatteen-mies-KL5-2013.pdf\">Kirjastoaatteen mies<\/a>. &#8211; Julkaisussa: Kirjastolehti nro 5 2013 (haastattelu, jossa olen koko ajan \u00e4\u00e4ness\u00e4)<\/li>\n\n\n\n<li><em><a href=\"https:\/\/www.stenrothsukuseura.fi\/2023\/kivenjuuret-lehden-numero-50\/\">Kivenjuuret 1\u201350 hakemisto<\/a><\/em>. \u2013 Julkaisussa: Kivenjuuret 50<\/li>\n\n\n\n<li><a href=\"http:\/\/www.heikkiporoila.fi\/hp\/wp-content\/uploads\/2017\/03\/Kommunistit-ja-mielipiteen-vapausTA-20140516.jpg\">Kommunistit ja mielipiteen vapaus<\/a>. &#8211; Julkaisussa: Tiedonantaja 16.5.2014<\/li>\n\n\n\n<li><a href=\"http:\/\/www.heikkiporoila.fi\/hp\/wp-content\/uploads\/2017\/03\/Kuka-v\u00e4litt\u00e4isi-vanhoista-nuoteista-Kirjastolehti-2007-6-.jpg\">Kuka v\u00e4litt\u00e4isi vanhoista nuoteista<\/a>. &#8211; Julkaisussa: Kirjastolehti 6\/2007<\/li>\n\n\n\n<li><em>Kuvitettua musiikkia kirjastossa<\/em>. &#8211; Julkaisussa: Peili 5\/1991, s. 37<\/li>\n\n\n\n<li><a href=\"http:\/\/www.heikkiporoila.fi\/hp\/wp-content\/uploads\/2017\/03\/Kyll\u00e4-tuusan-nuuskaksi-Suomen-Luonto-darwinismista-2015_3.jpg\">Kyll\u00e4, tuusan nuuskaksi<\/a>. &#8211; Julkaisussa: Suomen Luonto nro 3 2015 (Kommentti rovasti Miika Vuolan antidarwinistiseen kirjoitukseen)<\/li>\n\n\n\n<li><a href=\"http:\/\/www.heikkiporoila.fi\/hp\/wp-content\/uploads\/2017\/03\/K\u00e4nnyk\u00e4t-ja-terveys-TA_2010_01.jpg\">K\u00e4nnyk\u00e4t ja terveys<\/a>. &#8211; Julkaisussa: Tiedonantaja 29.1.2010<\/li>\n\n\n\n<li><a href=\"http:\/\/www.heikkiporoila.fi\/hp\/wp-content\/uploads\/2017\/03\/K\u00e4rki-k\u00e4rjest\u00e4.pdf\">K\u00e4rki K\u00e4rjest\u00e4<\/a>. &#8211; Verkkojulkaisussa: Musiikki kuuluu kaikille 16.9.2015<\/li>\n\n\n\n<li><a href=\"http:\/\/www.heikkiporoila.fi\/hp\/wp-content\/uploads\/2017\/03\/Lastussa-on-liian-v\u00e4h\u00e4n-kirjastoa-TA-20150206.jpg\">Lastussa on liian v\u00e4h\u00e4n kirjastoa<\/a>. &#8211; Julkaisussa: Tiedonantaja 6.2.2015 (Keskustakirjaston kritiikki\u00e4)<\/li>\n\n\n\n<li><a href=\"https:\/\/levyhyllyt.musiikkikirjastot.fi\/author\/heikkip\">Levyhyllyt<\/a> (Musiikkikirjastot.fi) &#8211; Yhdeks\u00e4n artikkelia Frank Zappan tuotannosta sek\u00e4 Svart Recordsin julkaisemista Pop- ja jazzlastuista 1973.<\/li>\n\n\n\n<li><em><a href=\"https:\/\/www.stenrothsukuseura.fi\/2021\/kivenjuuret-lehden-numero-46\/\">Melartinista Merikantoon, Mozartista Zappaan<\/a><\/em>. \u2013 Julkaisussa: Kivenjuuret 46<\/li>\n\n\n\n<li><a href=\"https:\/\/www.heikkiporoila.fi\/hp\/wp-content\/uploads\/2023\/03\/Mina-skeptikko-Skeptikko-nro-1_2023.pdf\" target=\"_blank\" rel=\"noopener\">Min\u00e4, skeptikko: Heikki Poroila<\/a>. &#8211; Julkaisussa: Skeptikko 1\/2023<\/li>\n\n\n\n<li><a href=\"http:\/\/www.heikkiporoila.fi\/hp\/wp-content\/uploads\/2017\/03\/Musiikki-lainaksi-Teostory-199404.pdf\">Musiikkia lainaksi<\/a>. &#8211; Julkaisussa: Teostory nro 4 1994<\/li>\n\n\n\n<li><em><a href=\"https:\/\/musiikkikuuluukaikille.musiikkikirjastot.fi\/2015\/03\/18\/musiikkiarkistot-suomessa-janne-makelan-kirja-heikki-poroilan-arviossa\/\">Musiikkiarkistot Suomessa \u2013 Janne M\u00e4kel\u00e4n kirja Heikki Poroilan arviossa<\/a><\/em> <em>Perustietoa musiikkiarkistoista<\/em>. \u2013 Verkkojulkaisussa <em>Musiikki kuuluu kaikille<\/em> 18.3.2015<\/li>\n\n\n\n<li><em>Musiikkikirjoja yhteisty\u00f6ll\u00e4<\/em>. &#8211; Julkaisussa: Rondo 6\/1993<\/li>\n\n\n\n<li><em>Onko Skepsis edelleen poliittisesti puolueeton?<\/em> &#8211; Julkaisussa: Skeptikko 2\/2023<\/li>\n\n\n\n<li><a href=\"http:\/\/www.heikkiporoila.fi\/hp\/wp-content\/uploads\/2017\/02\/Opuksella-vai-ilman.pdf\">Opuksella vai ilman? &#8211; Suomalaisten s\u00e4velt\u00e4jien ja kustantajien salattu maailma<\/a>. &#8211; Julkaisussa: Musiikki 1\/2015<\/li>\n\n\n\n<li><em><a href=\"https:\/\/www.stenrothsukuseura.fi\/2022\/kivenjuuret-lehden-numero-48\/\">Petteri Sariola \u2013 Yhden miehen yhtye<\/a><\/em> (haastattelu). \u2013 Julkaisussa: Kivenjuuret 48<\/li>\n\n\n\n<li><a href=\"http:\/\/www.heikkiporoila.fi\/hp\/wp-content\/uploads\/2017\/03\/Puhetta-kirjastosta-Kirjastokaista-2016.pdf\">Puhetta kirjastosta<\/a>. &#8211; Verkkojulkaisussa: Kirjastokaista toukokuu 2016 (Viisi luettua podcastia tekstein\u00e4: I Tietokannat auki hakuroboteille. II Omien kokoelmien digitointi verkkoon, III Luettelointi on ainoa pysyv\u00e4\u00e4 lis\u00e4arvoa tuottava kirjastoty\u00f6n muoto,IV Musiikki ei ole ohi \u2013 kirjastossakaan ja V Miksi kirjastop\u00e4\u00e4tt\u00e4j\u00e4t eiv\u00e4t arvosta musiikkia)<\/li>\n\n\n\n<li><em><a href=\"https:\/\/www.stenrothsukuseura.fi\/2021\/kivenjuuret-lehden-numero-47\/\">Puolivahingossa Saran asialle<\/a><\/em>. \u2013 Julkaisussa: Kivenjuuret 47<\/li>\n\n\n\n<li><em>Rajut \u00e4idit kutsuvat sinua<\/em> (The Mothers of Invention). &#8211; Julkaisussa: Mant\u0161urian luumuvainiot. &#8211; Helsingin Ylioppilasteatterin toimintaryhm\u00e4n kertaluontoiseksi j\u00e4\u00e4nyt lehti vuodelta 1970<\/li>\n\n\n\n<li><a href=\"http:\/\/www.heikkiporoila.fi\/hp\/wp-content\/uploads\/2017\/03\/Sananvapaus-on-ihmisoikeus.pdf\">Sananvapaus on ihmisoikeus<\/a>. &#8211; Kirjoitus on kommentti Tiedontantajassa 13.2.2015 olleeseen kirjoitukseen. P\u00e4\u00e4toimittaja Marko Korvela ei suostunut kommenttia julkaisemaan.<\/li>\n\n\n\n<li><a href=\"http:\/\/www.heikkiporoila.fi\/hp\/wp-content\/uploads\/2017\/03\/Sotien-nimist\u00e4-Yliopisto-2015_6.jpg\">Sotien nimist\u00e4<\/a>. &#8211; Julkaisussa:&nbsp; Yliopisto nro 6\/2015 (Vastine Antti Pekolan kirjoitukseen)<\/li>\n\n\n\n<li><em><a href=\"https:\/\/www.stenrothsukuseura.fi\/2023\/kivenjuuret-lehden-numero-51\/\">Stenrothien kes\u00e4retki<\/a><\/em> \u2013 Julkaisussa: Kivenjuuret 51<\/li>\n\n\n\n<li><em><a href=\"https:\/\/www.stenrothsukuseura.fi\/2024\/kivenjuuret-lehden-numero-53\/\">Stenrothit retkeiliv\u00e4t Mustilassa ja Verlassa<\/a><\/em> \u2013 Julkaisussa: Kivenjuuret 53<\/li>\n\n\n\n<li><a href=\"http:\/\/www.heikkiporoila.fi\/hp\/wp-content\/uploads\/2017\/03\/Suomen-kansallisbibliografia-verkkomaailmassa.pdf\">Suomen kansallisbibliografia verkossa<\/a>. &#8211; Verkkojulkaisussa: <em>Kirjastoalan keski\u00f6ss\u00e4<\/em> 8.3.2016<\/li>\n\n\n\n<li><em><a href=\"https:\/\/musiikkikuuluukaikille.musiikkikirjastot.fi\/2016\/08\/10\/miksi-saveltajien-teosluetteloita-on-olemassa-heikki-poroila-kertoo-savellystyon-jarjestamisen-periaatteista\/\">S\u00e4velt\u00e4j\u00e4n teosluettelo \u2013 avain luovan ty\u00f6n huoneistoon, osa 1 : Miksi s\u00e4velt\u00e4jien teosluetteloita on olemassa?<\/a><\/em> Heikki Poroila kertoo s\u00e4vellysty\u00f6n j\u00e4rjest\u00e4misen periaatteista. \u2013 Verkkojulkaisussa <em>Musiikki kuuluu kaikille<\/em> 10.8.2016<\/li>\n\n\n\n<li><em><a href=\"https:\/\/musiikkikuuluukaikille.musiikkikirjastot.fi\/2016\/09\/13\/heikki-poroila-saveltajan-teosluettelo-tutkimus-ja-julkaisuhankkeena\/\">S\u00e4velt\u00e4j\u00e4n teosluettelo \u2013 avain luovan ty\u00f6n huoneistoon, osa 2<strong> : <\/strong>S\u00e4velt\u00e4j\u00e4n teosluettelo tutkimus- ja julkaisuhankkeena<\/a>.<\/em> \u2013 Verkkojulkaisussa <em>Musiikki kuuluu kaikille<\/em> 13.9.2016<\/li>\n\n\n\n<li><em><a href=\"https:\/\/musiikkikuuluukaikille.musiikkikirjastot.fi\/2016\/09\/24\/saveltajien-teosluetteloiden-monet-kayttotarkoitukset-heikki-poroilan-kirjoitussarja-paattyy-pohdintaan-populaarimusiikin-saveltajista\/\">S\u00e4velt\u00e4j\u00e4n teosluettelo \u2013 avain luovan ty\u00f6n huoneistoon, osa 3<strong> : <\/strong>S\u00e4velt\u00e4jien teosluetteloiden monet k\u00e4ytt\u00f6tarkoitukset<strong> \u2013 <\/strong>populaarimusiikin tekij\u00e4t.<\/a><\/em><strong> <\/strong>\u2013 Verkkojulkaisussa <em>Musiikki kuuluu kaikille<\/em> 24.9.2016<\/li>\n\n\n\n<li><em><a href=\"https:\/\/www.stenrothsukuseura.fi\/2021\/kivenjuuret-lehden-numero-47\/\">S\u00e4\u00e4nn\u00f6t uusiksi \u2013 miksi?<\/a><\/em> \u2013 Julkaisussa: Kivenjuuret 47<\/li>\n\n\n\n<li><em><a href=\"https:\/\/www.stenrothsukuseura.fi\/2022\/kivenjuuret-lehden-numero-49\/\">Tekojen, ei taustan perusteella<\/a><\/em>. \u2013 Julkaisussa: Kivenjuuret 49<\/li>\n\n\n\n<li><a href=\"https:\/\/musiikkikuuluukaikille.musiikkikirjastot.fi\/2023\/09\/27\/tero-heinanen-palaa-rikospaikalle-venalais-ja-neuvostomusiikin-historiaa-uteliaille-ja-nostalgikoille\/\">Tero Hein\u00e4nen palaa rikospaikalle &#8211; ven\u00e4l\u00e4is- ja neuvostolaulun historiaa uteliaille ja nostalgikoille<\/a>. &#8211; Verkkojulkaisussa <em>Musiikki kuuluu kaikille<\/em> 27.9.2023<\/li>\n\n\n\n<li><em><a href=\"https:\/\/musiikkikuuluukaikille.musiikkikirjastot.fi\/2015\/09\/16\/toivo-karki-ja-hanen-musiikkinsa-heikki-poroilan-arviossa-uutuuskirja-sydameni-savel\/\">Toivo K\u00e4rki ja h\u00e4nen musiikkinsa<\/a><\/em> \u2013 Heikki Poroilan arviossa \u201dK\u00e4rki K\u00e4rjest\u00e4\u201d<strong> <\/strong>uutuuskirja <em>Syd\u00e4meni s\u00e4vel<\/em>. \u2013 Verkkojulkaisussa <em>Musiikki kuuluu kaikille <\/em>16.9.2015<\/li>\n\n\n\n<li><em><a href=\"https:\/\/www.stenrothsukuseura.fi\/2023\/kivenjuuret-lehden-numero-50\/\">T\u00e4ytt\u00e4 el\u00e4m\u00e4\u00e4 koneen varassa<\/a><\/em> (Jukka Sariolan kirjan esittely) . \u2013 Julkaisussa: Kivenjuuret 50<\/li>\n\n\n\n<li><a href=\"http:\/\/www.heikkiporoila.fi\/hp\/wp-content\/uploads\/2017\/11\/1978-Aviisi-Ufot-vai-ty\u00f6v\u00e4enluokka.jpg\">Ufot vai ty\u00f6v\u00e4enluokka<\/a>. &#8211; Julkaisussa: Aviisi 24.4.1978<\/li>\n\n\n\n<li><a href=\"https:\/\/www.heikkiporoila.fi\/hp\/wp-content\/uploads\/2023\/03\/Ulkopolitiikkaa.pdf\" target=\"_blank\" rel=\"noopener\">Ulkopolitiikkaa Oistrahin ja Otsin tahdissa<\/a>. &#8211; Julkaisussa: Musiikki 4\/2019<\/li>\n\n\n\n<li><a href=\"http:\/\/www.heikkiporoila.fi\/hp\/wp-content\/uploads\/2017\/03\/Uskonnottomien-liittoon-Vapaa-ajattelija-2007_3.jpg\">Uskonnottomien liittoon<\/a>. &#8211; Julkaisussa: Vapaa-ajattelija nro 3 2007<\/li>\n\n\n\n<li><a href=\"http:\/\/www.heikkiporoila.fi\/hp\/wp-content\/uploads\/2017\/03\/Uusi-tekij\u00e4noikeuslaki-Varastokirjasto-tiedottaa-200601.pdf\">Uusi tekij\u00e4noikeuslaki<\/a>. &#8211; Julkaisussa: Varastokirjasto tiedottaa nro 1 2006<\/li>\n\n\n\n<li><a href=\"http:\/\/www.heikkiporoila.fi\/hp\/wp-content\/uploads\/2017\/03\/Uusi-tekij\u00e4noikeuslaki-ja-kirjastot-Kirjastolehti-2006_2.pdf\">Uusi tekij\u00e4noikeuslaki ja kirjastot<\/a>. &#8211; Julkaisussa: Kirjastolehti nro 2 2006<\/li>\n\n\n\n<li><em><a href=\"https:\/\/musiikkikuuluukaikille.musiikkikirjastot.fi\/2016\/10\/12\/uusia-lastuja-liisankadulta-svart-recordsin-kulttuuriteon-toinen-aalto-heikki-poroilan-arviossa\/\">Uusia lastuja Liisankadulta<\/a><\/em> \u2013 Svart Recordsin kulttuuriteon toinen aalto Heikki Poroilan arviossa. \u2013 Verkkojulkaisussa <em>Musiikki kuuluu kaikille<\/em> 12.10.2016<\/li>\n\n\n\n<li><a href=\"https:\/\/musiikkikuuluukaikille.musiikkikirjastot.fi\/2014\/11\/17\/uusintakierros-tikkurilan-musiikkivarasto-taytti-10-vuotta-heikki-poroila\/\">Uusintakierros: Tikkurilan musiikkivarasto t\u00e4ytti 10 vuotta.<\/a> \u2013 Verkkojulkaisussa <em>Musiikki kuuluu kaikille<\/em> 17.11.2014 (Heikki Poroilan&nbsp;haastattelu, joka julkaistiin alun perin 13.10.2014 Kirjastot.fi-palstalla&nbsp;<a href=\"http:\/\/www.kirjastot.fi\/fi\/musiikki\/ajankohtaista\/arkisto#.VGcVMZOsWKp\">Ajankohtaista musiikissa<\/a>)<\/li>\n\n\n\n<li><a href=\"http:\/\/www.heikkiporoila.fi\/hp\/wp-content\/uploads\/2017\/11\/Vaikeneva-vieras.pdf\">Vaikeneva vieras<\/a>. &#8211; Julkaisussa: Aikakone Vol. 1 nro 4 1982 (Ainakin toistaiseksi ainoa julkaistu t\u00e4ysin fiktiivinen teksti)<\/li>\n\n\n\n<li><em><a href=\"https:\/\/www.stenrothsukuseura.fi\/2024\/kivenjuuret-lehden-numero-52\/\">Vanhojen valokuvien uusi el\u00e4m\u00e4<\/a><\/em> \u2013 Julkaisussa: Kivenjuuret 52<\/li>\n\n\n\n<li><em><a href=\"https:\/\/www.stenrothsukuseura.fi\/2022\/kivenjuuret-lehden-numero-49\/\">Vastuunvaihdon kynnyksell\u00e4<\/a><\/em>. \u2013 Julkaisussa: Kivenjuuret 49<\/li>\n\n\n\n<li><a href=\"http:\/\/www.heikkiporoila.fi\/hp\/wp-content\/uploads\/2017\/03\/Vieraslajeista-Suomen-Luonto-2015_10.jpg\">Vieraslajeista<\/a>. &#8211; Julkaisussa: Suomen Luonto nro 10 2015<\/li>\n\n\n\n<li><a href=\"http:\/\/www.heikkiporoila.fi\/hp\/wp-content\/uploads\/2017\/03\/Viikki-petettyjen-lupausten-kaupunginosa-HU-2006_04_01.jpg\">Viikki &#8211; petettyjen lupausten kaupunginosa<\/a>. &#8211; Julkaisussa: Helsingin Uutiset 1.4.2006<\/li>\n\n\n\n<li><em><a href=\"https:\/\/www.stenrothsukuseura.fi\/2022\/kivenjuuret-lehden-numero-48\/\">Virkaa 2022 toimittavan mietteit\u00e4<\/a><\/em>. \u2013 Julkaisussa: Kivenjuuret 48<\/li>\n\n\n\n<li><em><a href=\"https:\/\/www.stenrothsukuseura.fi\/2021\/kivenjuuret-lehden-numero-47\/\">\u00c4l\u00e4 unohda j\u00e4senmaksua!<\/a><\/em> \u2013 Julkaisussa: Kivenjuuret 47<\/li>\n<\/ul>\n","protected":false},"excerpt":{"rendered":"<p>Bibliografiaan otetut tekstit ovat kirjoittamiani, ellei toisin ole mainittu (haastattelut). Intervalli-lehdess\u00e4 vuosina 1988-2011 julkaistut yli 500 teksti\u00e4ni on koottu omalle[&#8230;]<\/p>\n","protected":false},"author":1,"featured_media":0,"parent":132,"menu_order":0,"comment_status":"closed","ping_status":"closed","template":"","meta":{"footnotes":""},"class_list":["post-136","page","type-page","status-publish","hentry"],"_links":{"self":[{"href":"https:\/\/www.heikkiporoila.fi\/hp\/wp-json\/wp\/v2\/pages\/136","targetHints":{"allow":["GET"]}}],"collection":[{"href":"https:\/\/www.heikkiporoila.fi\/hp\/wp-json\/wp\/v2\/pages"}],"about":[{"href":"https:\/\/www.heikkiporoila.fi\/hp\/wp-json\/wp\/v2\/types\/page"}],"author":[{"embeddable":true,"href":"https:\/\/www.heikkiporoila.fi\/hp\/wp-json\/wp\/v2\/users\/1"}],"replies":[{"embeddable":true,"href":"https:\/\/www.heikkiporoila.fi\/hp\/wp-json\/wp\/v2\/comments?post=136"}],"version-history":[{"count":22,"href":"https:\/\/www.heikkiporoila.fi\/hp\/wp-json\/wp\/v2\/pages\/136\/revisions"}],"predecessor-version":[{"id":809,"href":"https:\/\/www.heikkiporoila.fi\/hp\/wp-json\/wp\/v2\/pages\/136\/revisions\/809"}],"up":[{"embeddable":true,"href":"https:\/\/www.heikkiporoila.fi\/hp\/wp-json\/wp\/v2\/pages\/132"}],"wp:attachment":[{"href":"https:\/\/www.heikkiporoila.fi\/hp\/wp-json\/wp\/v2\/media?parent=136"}],"curies":[{"name":"wp","href":"https:\/\/api.w.org\/{rel}","templated":true}]}}